{"id":15844,"date":"2024-01-09T09:52:34","date_gmt":"2024-01-09T08:52:34","guid":{"rendered":"https:\/\/in-uit.boxstudio.fr\/?page_id=15844"},"modified":"2024-02-16T19:39:02","modified_gmt":"2024-02-16T18:39:02","slug":"demarche","status":"publish","type":"page","link":"https:\/\/www.in-uit.fr\/index.php\/demarche\/","title":{"rendered":"D\u00e9marche"},"content":{"rendered":"\t\t<div data-elementor-type=\"wp-page\" data-elementor-id=\"15844\" class=\"elementor elementor-15844\">\n\t\t\t\t<div class=\"elementor-element elementor-element-2dc39d5 e-con-full e-flex e-con e-parent\" data-id=\"2dc39d5\" data-element_type=\"container\" data-settings=\"{&quot;background_background&quot;:&quot;classic&quot;}\">\n\t\t\t\t<\/div>\n\t\t<div class=\"elementor-element elementor-element-5ae3b5d e-flex e-con-boxed e-con e-parent\" data-id=\"5ae3b5d\" data-element_type=\"container\">\n\t\t\t\t\t<div class=\"e-con-inner\">\n\t\t<div class=\"elementor-element elementor-element-b9fbfc0 e-con-full e-flex e-con e-child\" data-id=\"b9fbfc0\" data-element_type=\"container\">\n\t\t\t\t<div class=\"elementor-element elementor-element-2812448 elementor-widget elementor-widget-text-editor\" data-id=\"2812448\" data-element_type=\"widget\" data-widget_type=\"text-editor.default\">\n\t\t\t\t<div class=\"elementor-widget-container\">\n\t\t\t<style>\/*! elementor - v3.21.0 - 22-05-2024 *\/\n.elementor-widget-text-editor.elementor-drop-cap-view-stacked .elementor-drop-cap{background-color:#69727d;color:#fff}.elementor-widget-text-editor.elementor-drop-cap-view-framed .elementor-drop-cap{color:#69727d;border:3px solid;background-color:transparent}.elementor-widget-text-editor:not(.elementor-drop-cap-view-default) .elementor-drop-cap{margin-top:8px}.elementor-widget-text-editor:not(.elementor-drop-cap-view-default) .elementor-drop-cap-letter{width:1em;height:1em}.elementor-widget-text-editor .elementor-drop-cap{float:left;text-align:center;line-height:1;font-size:50px}.elementor-widget-text-editor .elementor-drop-cap-letter{display:inline-block}<\/style>\t\t\t\t<h3 style=\"font-size: 1.5rem; margin: 0 0 20px 0;\">Milieux vivants : <span style=\"font-size: 1.2rem;\">Eco-syst\u00e8me \/ Ressources \/ Interactions<\/span><\/span><\/h3>\t\t\t\t\t\t<\/div>\n\t\t\t\t<\/div>\n\t\t\t\t<div class=\"elementor-element elementor-element-df904dd elementor-widget elementor-widget-html\" data-id=\"df904dd\" data-element_type=\"widget\" data-widget_type=\"html.default\">\n\t\t\t\t<div class=\"elementor-widget-container\">\n\t\t\t<p>ECOSYST\u00c8ME<\/p>\n\n<em>\u00ab Le milieu est un construit, r\u00e9sultat des interactions entre des composantes naturelles et les actions des soci\u00e9t\u00e9s. Il est dynamique : il \u00e9volue dans le temps. Il n\u2019existe donc pas dans un milieu d\u2019\u00e9tat de r\u00e9f\u00e9rence \u00ab avant \u00bb intervention humaine. Soci\u00e9t\u00e9s humaines et milieux naturels se sont construits ensemble, le milieu n\u2019existe pas en soi : il se d\u00e9finit par rapport \u00e0 un lieu, une activit\u00e9, un groupe, un individu. \u00bb<\/em><br>\n\n<em style=\"padding-top:10px;\">\u2022 G\u00e9oconfluences \u2022<\/em><\/p>\n\n<p><a href=\"#nogo4\" onclick=\"document.getElementById('lirelasuite4').style.display = 'block'; this.style.display = 'none';\"><i aria-hidden=\"true\"class=\"fas fa-long-arrow-alt-right\" style=\"padding-right:10px;color:#33FF99;\"><\/i>Lire la suite...<\/a><\/p>\n<div id=\"lirelasuite4\">\n<p>\n   Nous nous consid\u00e9rons comme une composante active des milieux que nous cotoyons, pratiquons, habitons, relions. L\u2019acte de construire est durable, notre pratique transforme le milieu abord\u00e9, participe de sa dynamique. Notre empreinte se doit donc d\u2019\u00eatre pens\u00e9e, au regard de ce qui a \u00e9t\u00e9, ici et maintenant, ailleurs, dans la dur\u00e9e.<\/p>\n\n<p>EXISTANT<br>\nAu cours de nos 10 ann\u00e9es d\u2019exercices au sein d\u2019in\/Uit, nous avons pu nous sp\u00e9cialiser dans l\u2019intervention sur l\u2019existant. C\u2019est en premier lieu apprendre d\u2019un acte de construire pass\u00e9 : sa physique, ses mat\u00e9riaux, son bon sens. C\u2019est savoir sublimer ses atouts tout en apportant corrections et modifications. Apporter lumi\u00e8re et fluidit\u00e9 avec des porteurs minimis\u00e9s, tout en profitant d\u2019une inertie naturelle et de la respiration d\u2019un b\u00e2ti. C\u2019est anticiper certaines pathologies sp\u00e9cifiques, un contexte r\u00e9glementaire impens\u00e9 mais rendu n\u00e9cessaire et profiter d\u2019une ressource premi\u00e8re qu\u2019il ne faut pas n\u00e9gliger.<\/p>\n\n<p>RESSOURCES<br>\nNous mettons en \u0153uvre en conscience : exploiter en premier lieu les ressources existantes afin de minimiser notre empreinte carbone. C\u2019est \u00e0 ce titre que notre pratique de l\u2019architecture se d\u00e9ploie largement au travers de r\u00e9habilitations lourdes et la r\u00e9novation du b\u00e2ti existant. De cette pratique, l\u2019apprentissage de la mati\u00e8re nous permet \u00e9galement de construire en conservant cette coh\u00e9rence. Nous concevons syst\u00e9matiquement des complexes perspirants et employons des mat\u00e9riaux biosourc\u00e9s : isolation et structure bois sur la majorit\u00e9 de nos projets. L\u2019\u00e9conomie de moyens nous guide : implantation bioclimatique, ventilation et lumi\u00e8re naturelle sont autant d\u2019apports gratuits que l\u2019on ne peut pas n\u00e9gliger, profiter des savoir-faire et les r\u00e9v\u00e9ler, des d\u00e9tails o\u00f9 la mati\u00e8re brute est mise en valeur.\n<\/p>\n<\/div>\t\t<\/div>\n\t\t\t\t<\/div>\n\t\t\t\t<div class=\"elementor-element elementor-element-9f0dbcc elementor-widget elementor-widget-text-editor\" data-id=\"9f0dbcc\" data-element_type=\"widget\" data-widget_type=\"text-editor.default\">\n\t\t\t\t<div class=\"elementor-widget-container\">\n\t\t\t\t\t\t\t<h3 style=\"font-size: 1.5rem;margin:0 0 20px 0;\">Milieux pratiqu\u00e9s : <span style=\"font-size: 1.2rem;\">Empreinte \/ Identification \/ Impulsion<\/span><\/h3>\t\t\t\t\t\t<\/div>\n\t\t\t\t<\/div>\n\t\t\t\t<div class=\"elementor-element elementor-element-bfa07da elementor-widget elementor-widget-html\" data-id=\"bfa07da\" data-element_type=\"widget\" data-widget_type=\"html.default\">\n\t\t\t\t<div class=\"elementor-widget-container\">\n\t\t\t<p>Les territoires travers\u00e9s proposent tous une singularit\u00e9 de situations de vie (humaine, paysag\u00e8re, \u00e9cologique, \u00e9conomique, culturelle...). Il s\u2019agit souvent de s\u2019inscrire dans une double probl\u00e9matique : int\u00e9grer un milieu pluriel, pr\u00e9-existant et riche d\u2019exp\u00e9riences tout en l\u2019accompagnant vers de nouvelles pratiques.<\/p>\n\n<p><a href=\"#nogo\" onclick=\"document.getElementById('lirelasuite').style.display = 'block'; this.style.display = 'none';\"><i aria-hidden=\"true\"class=\"fas fa-long-arrow-alt-right\" style=\"padding-right:10px;color:#33FF99;\"><\/i>Lire la suite...<\/a><\/p>\n<div id=\"lirelasuite\">\n<p>\n   Les notions de temporalit\u00e9 et d\u2019int\u00e9gration nous semblent inh\u00e9rentes \u00e0 la pratique que nous avons de l\u2019acte de construire. Il s\u2019agit de proposer une architecture qui respecte et emprunte \u00e0 un contexte pr\u00e9-\u00e9tabli, ceci au travers d\u2019un r\u00e9-emploi (habitus, usages, motifs urbains, implantations et typologies vernaculaires, mat\u00e9riaux...) tout en \u00e9crivant une transition vers un environnement ainsi \u00abaugment\u00e9\u00bb.\n<\/p>\nNous tentons donc de proposer des architectures singuli\u00e8res, identifi\u00e9es, impulsant de nouvelles repr\u00e9sentations qui pourront se fondre \u00e0 terme dans leur contexte et participer ainsi \u00e0 une nouvelle \u00abempreinte\u00bb du lieu, un nouvel ordinaire.\n<\/p>\n<\/div>\t\t<\/div>\n\t\t\t\t<\/div>\n\t\t\t\t<\/div>\n\t\t<div class=\"elementor-element elementor-element-1a183e0 e-con-full e-flex e-con e-child\" data-id=\"1a183e0\" data-element_type=\"container\">\n\t\t\t\t<div class=\"elementor-element elementor-element-99b6307 elementor-widget elementor-widget-text-editor\" data-id=\"99b6307\" data-element_type=\"widget\" data-widget_type=\"text-editor.default\">\n\t\t\t\t<div class=\"elementor-widget-container\">\n\t\t\t\t\t\t\t<h3 style=\"font-size: 1.5rem; margin: 0 0 20px 0;\">Milieux habit\u00e9s : <span style=\"font-size: 1.2rem;\">Co-existence \/ Co-habiter \/ Commun<\/span><\/h3>\t\t\t\t\t\t<\/div>\n\t\t\t\t<\/div>\n\t\t\t\t<div class=\"elementor-element elementor-element-f9390d1 elementor-widget elementor-widget-html\" data-id=\"f9390d1\" data-element_type=\"widget\" data-widget_type=\"html.default\">\n\t\t\t\t<div class=\"elementor-widget-container\">\n\t\t\t<p>Que le contexte soit urbain, p\u00e9ri-urbain, rural, \u00e0 l\u2019\u00e9chelle d\u2019un quartier, souvent r\u00e9sidentiel, qu\u2019il soit en mutation, en devenir, formant un patrimoine r\u00e9cent ou ancr\u00e9 dans une histoire plus ancienne, il nous questionne sur notre capacit\u00e9 \u00e0 co-exister.<\/p>\n\n<p><a href=\"#nogo2\" onclick=\"document.getElementById('lirelasuite2').style.display = 'block'; this.style.display = 'none';\"><i aria-hidden=\"true\"class=\"fas fa-long-arrow-alt-right\" style=\"padding-right:10px;color:#33FF99;\"><\/i>Lire la suite...<\/a><\/p>\n<div id=\"lirelasuite2\">\n<p>\n   Co-existence qui se r\u00e9v\u00e8le ensuite au sein m\u00eame du projet \u00e0 l\u2019oeuvre, le moment partag\u00e9 du chantier comme un pr\u00e9ambule \u00e0 la future int\u00e9gration du b\u00e2timent dans son environnement, \u00e0 la co-habitation \u00e0 venir dans un nouveau cadre de vie : un nouvel habitat comme bien commun. \n<\/p>\n   Il s\u2019agit pour nous de ne pas s\u2019arr\u00eater \u00e0 la contrainte du minimum \u00e0 contenter mais d\u2019accompagner une transition en apportant une nouvelle qualit\u00e9 de vie offrant une g\u00e9n\u00e9rosit\u00e9 des espaces \u00e0 vivre, un plaisir des vues (cadrage sur le paysage, un rapport au ciel, une gestion de la promiscuit\u00e9), une originalit\u00e9 des cheminements (multiples et qualifi\u00e9s), un ressenti des mati\u00e8res au quotidien. Un ensemble permettant selon nous une adaptation durable au milieu habit\u00e9.\n<\/p>\n<\/div>\t\t<\/div>\n\t\t\t\t<\/div>\n\t\t\t\t<div class=\"elementor-element elementor-element-ba9d7d5 elementor-widget elementor-widget-text-editor\" data-id=\"ba9d7d5\" data-element_type=\"widget\" data-widget_type=\"text-editor.default\">\n\t\t\t\t<div class=\"elementor-widget-container\">\n\t\t\t\t\t\t\t<h3 style=\"font-size: 1.5rem; margin: 0 0 20px 0;\">Milieux particuliers : <span style=\"font-size: 1.2rem;\">Acclimatation \/ Potentiel \/ Imaginaire<\/span><\/span><\/h3>\t\t\t\t\t\t<\/div>\n\t\t\t\t<\/div>\n\t\t\t\t<div class=\"elementor-element elementor-element-c0da6a2 elementor-widget elementor-widget-html\" data-id=\"c0da6a2\" data-element_type=\"widget\" data-widget_type=\"html.default\">\n\t\t\t\t<div class=\"elementor-widget-container\">\n\t\t\t<p>Interagir avec un espace domestique n\u2019est jamais anodin, toujours singulier. La maison cristallise souvent beaucoup d\u2019attentes et d\u2019affects. Qu\u2019elle soit de ville, p\u00e9ri-urbaine, secondaire, de campagne ou encore refuge isol\u00e9, la maison offre la possibilit\u00e9 d\u2019un nouveau monde pour ses habitants.<\/p>\n\n<p><a href=\"#nogo3\" onclick=\"document.getElementById('lirelasuite3').style.display = 'block'; this.style.display = 'none';\"><i aria-hidden=\"true\"class=\"fas fa-long-arrow-alt-right\" style=\"padding-right:10px;color:#33FF99;\"><\/i>Lire la suite...<\/a><\/p>\n<div id=\"lirelasuite3\">\n<p>\n   Nous abordons ce programme en tentant d\u2019offrir un nouvel imaginaire, o\u00f9 l\u2019espace construit r\u00e9v\u00e8le un encha\u00eenement de vides et de vues. Le non-construit devient alors d\u00e9ambulations, lumi\u00e8res, cadrages et libre d\u2019appropriation pour ses occupants. Il ne s\u2019agit pas d\u2019imposer un programme ou des usages mais que l\u2019architecture soit ensuite compl\u00e9t\u00e9e librement par ses habitants. Favoriser l\u2019adaptation, l\u2019acclimatation, la diversit\u00e9 d\u2019usage.\n   <\/p>\n<p>\n    Parfois il s\u2019agit de transformer un espace existant qu\u2019il soit ancien ou r\u00e9cent, entretenu ou sinistr\u00e9, appropri\u00e9, vide ou d\u00e9laiss\u00e9, inconnu ou familier. Il s\u2019agit de reconfigurer les possibilit\u00e9s d\u2019usages, r\u00e9v\u00e9ler un potentiel, sans pour autant toucher \u00e0 l\u2019enveloppe ext\u00e9rieure des architectures que nous abordons. Cela nous am\u00e8ne souvent \u00e0 d\u00e9placer les attentes de nos clients, leur proposer de nouvelles pratiques, une nouvelle vision de ce b\u00e2ti familier ou projet\u00e9.\n<\/p>\n<p>\nCe d\u00e9placement des imaginaires, bien que modeste, nous semble central et porteur de projets dans la rencontre et le dialogue que nous entretenons avec nos commanditaires. Dans chaque projet la mati\u00e8re reste centrale permettant de qualifier un vide, recevoir une lumi\u00e8re, accompagner un ressenti, r\u00e9sonner avec un quotidien.\n<\/p>\n<\/div>\t\t<\/div>\n\t\t\t\t<\/div>\n\t\t\t\t<\/div>\n\t\t\t\t\t<\/div>\n\t\t\t\t<\/div>\n\t\t\t\t<\/div>\n\t\t","protected":false},"excerpt":{"rendered":"<p>Milieux vivants : Eco-syst\u00e8me \/ Ressources \/ Interactions ECOSYST\u00c8ME \u00ab Le milieu est un construit, r\u00e9sultat des interactions entre des composantes naturelles et les actions des soci\u00e9t\u00e9s. Il est dynamique : il \u00e9volue dans le temps. Il n\u2019existe donc pas dans un milieu d\u2019\u00e9tat de r\u00e9f\u00e9rence \u00ab avant \u00bb intervention humaine. Soci\u00e9t\u00e9s humaines et milieux [&hellip;]<\/p>\n","protected":false},"author":1,"featured_media":0,"parent":0,"menu_order":0,"comment_status":"closed","ping_status":"closed","template":"page-full-width.php","meta":{"footnotes":""},"yoast_head":"<!-- This site is optimized with the Yoast SEO plugin v22.7 - https:\/\/yoast.com\/wordpress\/plugins\/seo\/ -->\n<title>D\u00e9marche - in\/uit | Agence d&#039;architecture &amp; d&#039;urbanisme - Nantes<\/title>\n<meta name=\"robots\" content=\"index, follow, max-snippet:-1, max-image-preview:large, max-video-preview:-1\" \/>\n<link rel=\"canonical\" href=\"https:\/\/www.in-uit.fr\/index.php\/demarche\/\" \/>\n<meta property=\"og:locale\" content=\"fr_FR\" \/>\n<meta property=\"og:type\" content=\"article\" \/>\n<meta property=\"og:title\" content=\"D\u00e9marche - in\/uit | Agence d&#039;architecture &amp; d&#039;urbanisme - Nantes\" \/>\n<meta property=\"og:description\" content=\"Milieux vivants : Eco-syst\u00e8me \/ Ressources \/ Interactions ECOSYST\u00c8ME \u00ab Le milieu est un construit, r\u00e9sultat des interactions entre des composantes naturelles et les actions des soci\u00e9t\u00e9s. Il est dynamique : il \u00e9volue dans le temps. Il n\u2019existe donc pas dans un milieu d\u2019\u00e9tat de r\u00e9f\u00e9rence \u00ab avant \u00bb intervention humaine. Soci\u00e9t\u00e9s humaines et milieux [&hellip;]\" \/>\n<meta property=\"og:url\" content=\"https:\/\/www.in-uit.fr\/index.php\/demarche\/\" \/>\n<meta property=\"og:site_name\" content=\"in\/uit | Agence d&#039;architecture &amp; d&#039;urbanisme - Nantes\" \/>\n<meta property=\"article:modified_time\" content=\"2024-02-16T18:39:02+00:00\" \/>\n<meta name=\"twitter:card\" content=\"summary_large_image\" \/>\n<meta name=\"twitter:label1\" content=\"Dur\u00e9e de lecture estim\u00e9e\" \/>\n\t<meta name=\"twitter:data1\" content=\"5 minutes\" \/>\n<script type=\"application\/ld+json\" class=\"yoast-schema-graph\">{\"@context\":\"https:\/\/schema.org\",\"@graph\":[{\"@type\":\"WebPage\",\"@id\":\"https:\/\/www.in-uit.fr\/index.php\/demarche\/\",\"url\":\"https:\/\/www.in-uit.fr\/index.php\/demarche\/\",\"name\":\"D\u00e9marche - in\/uit | Agence d&#039;architecture &amp; d&#039;urbanisme - Nantes\",\"isPartOf\":{\"@id\":\"https:\/\/www.in-uit.fr\/#website\"},\"datePublished\":\"2024-01-09T08:52:34+00:00\",\"dateModified\":\"2024-02-16T18:39:02+00:00\",\"breadcrumb\":{\"@id\":\"https:\/\/www.in-uit.fr\/index.php\/demarche\/#breadcrumb\"},\"inLanguage\":\"fr-FR\",\"potentialAction\":[{\"@type\":\"ReadAction\",\"target\":[\"https:\/\/www.in-uit.fr\/index.php\/demarche\/\"]}]},{\"@type\":\"BreadcrumbList\",\"@id\":\"https:\/\/www.in-uit.fr\/index.php\/demarche\/#breadcrumb\",\"itemListElement\":[{\"@type\":\"ListItem\",\"position\":1,\"name\":\"Accueil\",\"item\":\"https:\/\/www.in-uit.fr\/\"},{\"@type\":\"ListItem\",\"position\":2,\"name\":\"D\u00e9marche\"}]},{\"@type\":\"WebSite\",\"@id\":\"https:\/\/www.in-uit.fr\/#website\",\"url\":\"https:\/\/www.in-uit.fr\/\",\"name\":\"in\/uit | Agence d&#039;architecture &amp; d&#039;urbanisme - Nantes\",\"description\":\"\",\"publisher\":{\"@id\":\"https:\/\/www.in-uit.fr\/#organization\"},\"potentialAction\":[{\"@type\":\"SearchAction\",\"target\":{\"@type\":\"EntryPoint\",\"urlTemplate\":\"https:\/\/www.in-uit.fr\/?s={search_term_string}\"},\"query-input\":\"required name=search_term_string\"}],\"inLanguage\":\"fr-FR\"},{\"@type\":\"Organization\",\"@id\":\"https:\/\/www.in-uit.fr\/#organization\",\"name\":\"in\/uit | Agence d&#039;architecture &amp; d&#039;urbanisme - Nantes\",\"url\":\"https:\/\/www.in-uit.fr\/\",\"logo\":{\"@type\":\"ImageObject\",\"inLanguage\":\"fr-FR\",\"@id\":\"https:\/\/www.in-uit.fr\/#\/schema\/logo\/image\/\",\"url\":\"https:\/\/www.in-uit.fr\/wp-content\/uploads\/2024\/01\/logoinuit-architectes-gris-75px.png\",\"contentUrl\":\"https:\/\/www.in-uit.fr\/wp-content\/uploads\/2024\/01\/logoinuit-architectes-gris-75px.png\",\"width\":150,\"height\":75,\"caption\":\"in\/uit | Agence d&#039;architecture &amp; d&#039;urbanisme - Nantes\"},\"image\":{\"@id\":\"https:\/\/www.in-uit.fr\/#\/schema\/logo\/image\/\"}}]}<\/script>\n<!-- \/ Yoast SEO plugin. -->","yoast_head_json":{"title":"D\u00e9marche - in\/uit | Agence d&#039;architecture &amp; d&#039;urbanisme - Nantes","robots":{"index":"index","follow":"follow","max-snippet":"max-snippet:-1","max-image-preview":"max-image-preview:large","max-video-preview":"max-video-preview:-1"},"canonical":"https:\/\/www.in-uit.fr\/index.php\/demarche\/","og_locale":"fr_FR","og_type":"article","og_title":"D\u00e9marche - in\/uit | Agence d&#039;architecture &amp; d&#039;urbanisme - Nantes","og_description":"Milieux vivants : Eco-syst\u00e8me \/ Ressources \/ Interactions ECOSYST\u00c8ME \u00ab Le milieu est un construit, r\u00e9sultat des interactions entre des composantes naturelles et les actions des soci\u00e9t\u00e9s. Il est dynamique : il \u00e9volue dans le temps. Il n\u2019existe donc pas dans un milieu d\u2019\u00e9tat de r\u00e9f\u00e9rence \u00ab avant \u00bb intervention humaine. Soci\u00e9t\u00e9s humaines et milieux [&hellip;]","og_url":"https:\/\/www.in-uit.fr\/index.php\/demarche\/","og_site_name":"in\/uit | Agence d&#039;architecture &amp; d&#039;urbanisme - Nantes","article_modified_time":"2024-02-16T18:39:02+00:00","twitter_card":"summary_large_image","twitter_misc":{"Dur\u00e9e de lecture estim\u00e9e":"5 minutes"},"schema":{"@context":"https:\/\/schema.org","@graph":[{"@type":"WebPage","@id":"https:\/\/www.in-uit.fr\/index.php\/demarche\/","url":"https:\/\/www.in-uit.fr\/index.php\/demarche\/","name":"D\u00e9marche - in\/uit | Agence d&#039;architecture &amp; d&#039;urbanisme - Nantes","isPartOf":{"@id":"https:\/\/www.in-uit.fr\/#website"},"datePublished":"2024-01-09T08:52:34+00:00","dateModified":"2024-02-16T18:39:02+00:00","breadcrumb":{"@id":"https:\/\/www.in-uit.fr\/index.php\/demarche\/#breadcrumb"},"inLanguage":"fr-FR","potentialAction":[{"@type":"ReadAction","target":["https:\/\/www.in-uit.fr\/index.php\/demarche\/"]}]},{"@type":"BreadcrumbList","@id":"https:\/\/www.in-uit.fr\/index.php\/demarche\/#breadcrumb","itemListElement":[{"@type":"ListItem","position":1,"name":"Accueil","item":"https:\/\/www.in-uit.fr\/"},{"@type":"ListItem","position":2,"name":"D\u00e9marche"}]},{"@type":"WebSite","@id":"https:\/\/www.in-uit.fr\/#website","url":"https:\/\/www.in-uit.fr\/","name":"in\/uit | Agence d&#039;architecture &amp; d&#039;urbanisme - Nantes","description":"","publisher":{"@id":"https:\/\/www.in-uit.fr\/#organization"},"potentialAction":[{"@type":"SearchAction","target":{"@type":"EntryPoint","urlTemplate":"https:\/\/www.in-uit.fr\/?s={search_term_string}"},"query-input":"required name=search_term_string"}],"inLanguage":"fr-FR"},{"@type":"Organization","@id":"https:\/\/www.in-uit.fr\/#organization","name":"in\/uit | Agence d&#039;architecture &amp; d&#039;urbanisme - Nantes","url":"https:\/\/www.in-uit.fr\/","logo":{"@type":"ImageObject","inLanguage":"fr-FR","@id":"https:\/\/www.in-uit.fr\/#\/schema\/logo\/image\/","url":"https:\/\/www.in-uit.fr\/wp-content\/uploads\/2024\/01\/logoinuit-architectes-gris-75px.png","contentUrl":"https:\/\/www.in-uit.fr\/wp-content\/uploads\/2024\/01\/logoinuit-architectes-gris-75px.png","width":150,"height":75,"caption":"in\/uit | Agence d&#039;architecture &amp; d&#039;urbanisme - Nantes"},"image":{"@id":"https:\/\/www.in-uit.fr\/#\/schema\/logo\/image\/"}}]}},"_links":{"self":[{"href":"https:\/\/www.in-uit.fr\/index.php\/wp-json\/wp\/v2\/pages\/15844"}],"collection":[{"href":"https:\/\/www.in-uit.fr\/index.php\/wp-json\/wp\/v2\/pages"}],"about":[{"href":"https:\/\/www.in-uit.fr\/index.php\/wp-json\/wp\/v2\/types\/page"}],"author":[{"embeddable":true,"href":"https:\/\/www.in-uit.fr\/index.php\/wp-json\/wp\/v2\/users\/1"}],"replies":[{"embeddable":true,"href":"https:\/\/www.in-uit.fr\/index.php\/wp-json\/wp\/v2\/comments?post=15844"}],"version-history":[{"count":243,"href":"https:\/\/www.in-uit.fr\/index.php\/wp-json\/wp\/v2\/pages\/15844\/revisions"}],"predecessor-version":[{"id":16803,"href":"https:\/\/www.in-uit.fr\/index.php\/wp-json\/wp\/v2\/pages\/15844\/revisions\/16803"}],"wp:attachment":[{"href":"https:\/\/www.in-uit.fr\/index.php\/wp-json\/wp\/v2\/media?parent=15844"}],"curies":[{"name":"wp","href":"https:\/\/api.w.org\/{rel}","templated":true}]}}